{"id":10,"date":"2024-05-01T19:17:46","date_gmt":"2024-05-01T19:17:46","guid":{"rendered":"https:\/\/demosites.royal-elementor-addons.com\/nail-salon-v1\/?page_id=10"},"modified":"2025-10-30T12:29:26","modified_gmt":"2025-10-30T12:29:26","slug":"sobre-nosotros","status":"publish","type":"page","link":"https:\/\/evesenciaalgeciras.com\/index.php\/sobre-nosotros\/","title":{"rendered":"Sobre Nosotros"},"content":{"rendered":"\t\t<div data-elementor-type=\"wp-page\" data-elementor-id=\"10\" class=\"elementor elementor-10\" data-elementor-post-type=\"page\">\n\t\t\t\t<div class=\"elementor-element elementor-element-356158e e-flex e-con-boxed wpr-particle-no wpr-jarallax-no wpr-parallax-no wpr-sticky-section-no e-con e-parent\" data-id=\"356158e\" data-element_type=\"container\">\n\t\t\t\t\t<div class=\"e-con-inner\">\n\t\t<div class=\"elementor-element elementor-element-0644a9a e-con-full e-flex wpr-particle-no wpr-jarallax-no wpr-parallax-no wpr-sticky-section-no elementor-invisible e-con e-child\" data-id=\"0644a9a\" data-element_type=\"container\" data-settings=\"{&quot;animation&quot;:&quot;slideInLeft&quot;}\">\n\t\t\t\t<div class=\"elementor-element elementor-element-170d003 elementor-widget elementor-widget-heading\" data-id=\"170d003\" data-element_type=\"widget\" data-widget_type=\"heading.default\">\n\t\t\t\t<div class=\"elementor-widget-container\">\n\t\t\t\t\t<h1 class=\"elementor-heading-title elementor-size-default\">En EV Esencia, no solo tratamos la piel:\u00a0cuidamos\u00a0de\u00a0ti.<\/h1>\t\t\t\t<\/div>\n\t\t\t\t<\/div>\n\t\t\t\t<div class=\"elementor-element elementor-element-b24fc15 elementor-widget elementor-widget-text-editor\" data-id=\"b24fc15\" data-element_type=\"widget\" data-widget_type=\"text-editor.default\">\n\t\t\t\t<div class=\"elementor-widget-container\">\n\t\t\t\t\t\t\t\t\t<p>En EV Esencia somos un equipo de profesionales especializadas en depilaci\u00f3n l\u00e1ser y est\u00e9tica avanzada, con una s\u00f3lida formaci\u00f3n en aparatolog\u00eda est\u00e9tica y depilaci\u00f3n l\u00e1ser. Nuestro compromiso es ofrecer tratamientos de alta eficacia basados en la tecnolog\u00eda m\u00e1s innovadora y en protocolos personalizados que garantizan resultados \u00f3ptimos, duraderos y seguros.<\/p><p><br \/>Nuestra filosof\u00eda se centra en la excelencia profesional, la precisi\u00f3n t\u00e9cnica y el trato individualizado. Cada piel y cada necesidad son \u00fanicas, por lo que dise\u00f1amos planes de tratamiento personalizados que combinan experiencia y est\u00e9tica, buscando siempre el equilibrio entre belleza, salud y bienestar.<\/p><p><br \/>En EV Esencia, la seguridad y la profesionalidad son nuestra prioridad. Trabajamos \u00fanicamente con equipos y cosm\u00e9tica avanzada que cumplen los m\u00e1s altos est\u00e1ndares de calidad, asegurando resultados visibles y duraderos.<\/p><p><br \/>Nuestra misi\u00f3n es acompa\u00f1arte en el proceso de cuidar tu piel, realzar tu belleza natural y ayudarte a sentirte bien contigo misma, con la confianza de estar en manos expertas.<\/p>\t\t\t\t\t\t\t\t<\/div>\n\t\t\t\t<\/div>\n\t\t\t\t<\/div>\n\t\t<div class=\"elementor-element elementor-element-2de4e1a e-con-full e-flex wpr-particle-no wpr-jarallax-no wpr-parallax-no wpr-sticky-section-no elementor-invisible e-con e-child\" data-id=\"2de4e1a\" data-element_type=\"container\" data-settings=\"{&quot;animation&quot;:&quot;slideInRight&quot;}\">\n\t\t\t\t<div class=\"elementor-element elementor-element-c3e2704 elementor-widget elementor-widget-image\" data-id=\"c3e2704\" data-element_type=\"widget\" data-widget_type=\"image.default\">\n\t\t\t\t<div class=\"elementor-widget-container\">\n\t\t\t\t\t\t\t\t\t\t\t\t\t\t\t<img fetchpriority=\"high\" decoding=\"async\" width=\"1920\" height=\"2560\" src=\"https:\/\/evesenciaalgeciras.com\/wp-content\/uploads\/2025\/10\/IMG_5697-scaled.jpg\" class=\"attachment-full size-full wp-image-1208\" alt=\"recepcion esencia\" srcset=\"https:\/\/evesenciaalgeciras.com\/wp-content\/uploads\/2025\/10\/IMG_5697-scaled.jpg 1920w, https:\/\/evesenciaalgeciras.com\/wp-content\/uploads\/2025\/10\/IMG_5697-225x300.jpg 225w, https:\/\/evesenciaalgeciras.com\/wp-content\/uploads\/2025\/10\/IMG_5697-768x1024.jpg 768w, https:\/\/evesenciaalgeciras.com\/wp-content\/uploads\/2025\/10\/IMG_5697-1152x1536.jpg 1152w, https:\/\/evesenciaalgeciras.com\/wp-content\/uploads\/2025\/10\/IMG_5697-1536x2048.jpg 1536w\" sizes=\"(max-width: 1920px) 100vw, 1920px\" \/>\t\t\t\t\t\t\t\t\t\t\t\t\t\t\t<\/div>\n\t\t\t\t<\/div>\n\t\t\t\t<\/div>\n\t\t\t\t\t<\/div>\n\t\t\t\t<\/div>\n\t\t<div class=\"elementor-element elementor-element-bb17d82 e-flex e-con-boxed wpr-particle-no wpr-jarallax-no wpr-parallax-no wpr-sticky-section-no e-con e-parent\" data-id=\"bb17d82\" data-element_type=\"container\" data-settings=\"{&quot;background_background&quot;:&quot;classic&quot;}\">\n\t\t\t\t\t<div class=\"e-con-inner\">\n\t\t<div class=\"elementor-element elementor-element-2edbc3f e-flex e-con-boxed wpr-particle-no wpr-jarallax-no wpr-parallax-no wpr-sticky-section-no elementor-invisible e-con e-child\" data-id=\"2edbc3f\" data-element_type=\"container\" data-settings=\"{&quot;animation&quot;:&quot;fadeIn&quot;}\">\n\t\t\t\t\t<div class=\"e-con-inner\">\n\t\t\t\t<div class=\"elementor-element elementor-element-9482afd elementor-widget elementor-widget-heading\" data-id=\"9482afd\" data-element_type=\"widget\" data-widget_type=\"heading.default\">\n\t\t\t\t<div class=\"elementor-widget-container\">\n\t\t\t\t\t<h2 class=\"elementor-heading-title elementor-size-default\">Nuestro equipo<\/h2>\t\t\t\t<\/div>\n\t\t\t\t<\/div>\n\t\t<div class=\"elementor-element elementor-element-cb0cdf4 e-con-full e-flex wpr-particle-no wpr-jarallax-no wpr-parallax-no wpr-sticky-section-no e-con e-child\" data-id=\"cb0cdf4\" data-element_type=\"container\">\n\t\t<div class=\"elementor-element elementor-element-b216e70 e-flex e-con-boxed wpr-particle-no wpr-jarallax-no wpr-parallax-no wpr-sticky-section-no e-con e-child\" data-id=\"b216e70\" data-element_type=\"container\">\n\t\t\t\t\t<div class=\"e-con-inner\">\n\t\t<div class=\"elementor-element elementor-element-646d843 e-con-full e-flex wpr-particle-no wpr-jarallax-no wpr-parallax-no wpr-sticky-section-no e-con e-child\" data-id=\"646d843\" data-element_type=\"container\">\n\t\t\t\t<div class=\"elementor-element elementor-element-94fd3c8 elementor-invisible elementor-widget elementor-widget-wpr-team-member\" data-id=\"94fd3c8\" data-element_type=\"widget\" data-settings=\"{&quot;_animation&quot;:&quot;zoomIn&quot;,&quot;_animation_delay&quot;:0}\" data-widget_type=\"wpr-team-member.default\">\n\t\t\t\t<div class=\"elementor-widget-container\">\n\t\t\t\t\t\n\t<div class=\"wpr-team-member\">\n\t\t\t\t\t\n\t\t\t<div class=\"wpr-member-media\">\n\t\t\t\t<div class=\"wpr-member-image\">\n\t\t\t\t\t<img decoding=\"async\" src=\"https:\/\/evesenciaalgeciras.com\/wp-content\/uploads\/2025\/10\/Imagen-de-WhatsApp-2025-10-28-a-las-13.42.30_1fa6a4bd.jpg\" alt=\"Inma\">\n\t\t\t\t<\/div>\n\t\t\t\t\t\t\t<\/div>\n\t\t\t\t\n\t\t\n\t\t<div class=\"wpr-member-content\">\n\t\t\t<h3 class=\"wpr-member-name\">Inma<\/h3>\n\t\t\t\n\t\t\t\t\t\t\t<div class=\"wpr-member-job\">Encargada del centro<\/div>\n\t\t\t\n\t\t\t\n\t\t\t\t\t\t\n\t\t\t\t\t<\/div>\n\n\t\t\t<\/div>\n\n\t\t\t\t\t<\/div>\n\t\t\t\t<\/div>\n\t\t\t\t<\/div>\n\t\t<div class=\"elementor-element elementor-element-1ea8f0c e-con-full e-flex wpr-particle-no wpr-jarallax-no wpr-parallax-no wpr-sticky-section-no e-con e-child\" data-id=\"1ea8f0c\" data-element_type=\"container\">\n\t\t\t\t<div class=\"elementor-element elementor-element-a01f7c8 elementor-invisible elementor-widget elementor-widget-wpr-team-member\" data-id=\"a01f7c8\" data-element_type=\"widget\" data-settings=\"{&quot;_animation&quot;:&quot;zoomIn&quot;,&quot;_animation_delay&quot;:0}\" data-widget_type=\"wpr-team-member.default\">\n\t\t\t\t<div class=\"elementor-widget-container\">\n\t\t\t\t\t\n\t<div class=\"wpr-team-member\">\n\t\t\t\t\t\n\t\t\t<div class=\"wpr-member-media\">\n\t\t\t\t<div class=\"wpr-member-image\">\n\t\t\t\t\t<img decoding=\"async\" src=\"https:\/\/evesenciaalgeciras.com\/wp-content\/uploads\/2025\/10\/Imagen-de-WhatsApp-2025-10-28-a-las-17.15.49_c7f803a6.jpg\" alt=\"Leyla \">\n\t\t\t\t<\/div>\n\t\t\t\t\t\t\t<\/div>\n\t\t\t\t\n\t\t\n\t\t<div class=\"wpr-member-content\">\n\t\t\t<h3 class=\"wpr-member-name\">Leyla <\/h3>\n\t\t\t\n\t\t\t\t\t\t\t<div class=\"wpr-member-job\">T\u00e9cnico est\u00e9tico y laser <\/div>\n\t\t\t\n\t\t\t\n\t\t\t\t\t\t\n\t\t\t\t\t<\/div>\n\n\t\t\t<\/div>\n\n\t\t\t\t\t<\/div>\n\t\t\t\t<\/div>\n\t\t\t\t<\/div>\n\t\t<div class=\"elementor-element elementor-element-5d1b5de e-con-full e-flex wpr-particle-no wpr-jarallax-no wpr-parallax-no wpr-sticky-section-no e-con e-child\" data-id=\"5d1b5de\" data-element_type=\"container\">\n\t\t\t\t<div class=\"elementor-element elementor-element-e6d78f6 elementor-invisible elementor-widget elementor-widget-wpr-team-member\" data-id=\"e6d78f6\" data-element_type=\"widget\" data-settings=\"{&quot;_animation&quot;:&quot;zoomIn&quot;,&quot;_animation_delay&quot;:0}\" data-widget_type=\"wpr-team-member.default\">\n\t\t\t\t<div class=\"elementor-widget-container\">\n\t\t\t\t\t\n\t<div class=\"wpr-team-member\">\n\t\t\t\t\t\n\t\t\t<div class=\"wpr-member-media\">\n\t\t\t\t<div class=\"wpr-member-image\">\n\t\t\t\t\t<img decoding=\"async\" src=\"https:\/\/evesenciaalgeciras.com\/wp-content\/uploads\/2025\/10\/Imagen-de-WhatsApp-2025-10-28-a-las-17.15.58_2b4671e0.jpg\" alt=\"Mireya\">\n\t\t\t\t<\/div>\n\t\t\t\t\t\t\t<\/div>\n\t\t\t\t\n\t\t\n\t\t<div class=\"wpr-member-content\">\n\t\t\t<h3 class=\"wpr-member-name\">Mireya<\/h3>\n\t\t\t\n\t\t\t\t\t\t\t<div class=\"wpr-member-job\">T\u00e9cnico est\u00e9tico y laser<\/div>\n\t\t\t\n\t\t\t\n\t\t\t\t\t\t\n\t\t\t\t\t<\/div>\n\n\t\t\t<\/div>\n\n\t\t\t\t\t<\/div>\n\t\t\t\t<\/div>\n\t\t\t\t<\/div>\n\t\t<div class=\"elementor-element elementor-element-203c67a e-flex e-con-boxed wpr-particle-no wpr-jarallax-no wpr-parallax-no wpr-sticky-section-no e-con e-child\" data-id=\"203c67a\" data-element_type=\"container\">\n\t\t\t\t\t<div class=\"e-con-inner\">\n\t\t\t\t<div class=\"elementor-element elementor-element-0713cd6 elementor-invisible elementor-widget elementor-widget-wpr-team-member\" data-id=\"0713cd6\" data-element_type=\"widget\" data-settings=\"{&quot;_animation&quot;:&quot;zoomIn&quot;,&quot;_animation_delay&quot;:0}\" data-widget_type=\"wpr-team-member.default\">\n\t\t\t\t<div class=\"elementor-widget-container\">\n\t\t\t\t\t\n\t<div class=\"wpr-team-member\">\n\t\t\t\t\t\n\t\t\t<div class=\"wpr-member-media\">\n\t\t\t\t<div class=\"wpr-member-image\">\n\t\t\t\t\t<img decoding=\"async\" src=\"https:\/\/evesenciaalgeciras.com\/wp-content\/uploads\/2025\/10\/Imagen-de-WhatsApp-2025-10-30-a-las-13.28.46_44095972.jpg\" alt=\"Sabrina\">\n\t\t\t\t<\/div>\n\t\t\t\t\t\t\t<\/div>\n\t\t\t\t\n\t\t\n\t\t<div class=\"wpr-member-content\">\n\t\t\t<h3 class=\"wpr-member-name\">Sabrina<\/h3>\n\t\t\t\n\t\t\t\t\t\t\t<div class=\"wpr-member-job\">Responsable de turno<\/div>\n\t\t\t\n\t\t\t\n\t\t\t\t\t\t\n\t\t\t\t\t<\/div>\n\n\t\t\t<\/div>\n\n\t\t\t\t\t<\/div>\n\t\t\t\t<\/div>\n\t\t\t\t\t<\/div>\n\t\t\t\t<\/div>\n\t\t<div class=\"elementor-element elementor-element-f30a0cd e-flex e-con-boxed wpr-particle-no wpr-jarallax-no wpr-parallax-no wpr-sticky-section-no e-con e-child\" data-id=\"f30a0cd\" data-element_type=\"container\">\n\t\t\t\t\t<div class=\"e-con-inner\">\n\t\t\t\t<div class=\"elementor-element elementor-element-127b83d elementor-invisible elementor-widget elementor-widget-wpr-team-member\" data-id=\"127b83d\" data-element_type=\"widget\" data-settings=\"{&quot;_animation&quot;:&quot;zoomIn&quot;,&quot;_animation_delay&quot;:0}\" data-widget_type=\"wpr-team-member.default\">\n\t\t\t\t<div class=\"elementor-widget-container\">\n\t\t\t\t\t\n\t<div class=\"wpr-team-member\">\n\t\t\t\t\t\n\t\t\t<div class=\"wpr-member-media\">\n\t\t\t\t<div class=\"wpr-member-image\">\n\t\t\t\t\t<img decoding=\"async\" src=\"https:\/\/evesenciaalgeciras.com\/wp-content\/uploads\/2025\/10\/Imagen-de-WhatsApp-2025-10-30-a-las-13.24.32_a50e96a0.jpg\" alt=\"Noem\u00ed\">\n\t\t\t\t<\/div>\n\t\t\t\t\t\t\t<\/div>\n\t\t\t\t\n\t\t\n\t\t<div class=\"wpr-member-content\">\n\t\t\t<h3 class=\"wpr-member-name\">Noem\u00ed<\/h3>\n\t\t\t\n\t\t\t\t\t\t\t<div class=\"wpr-member-job\">T\u00e9cnico est\u00e9tico y laser<\/div>\n\t\t\t\n\t\t\t\n\t\t\t\t\t\t\n\t\t\t\t\t<\/div>\n\n\t\t\t<\/div>\n\n\t\t\t\t\t<\/div>\n\t\t\t\t<\/div>\n\t\t\t\t\t<\/div>\n\t\t\t\t<\/div>\n\t\t\t\t\t<\/div>\n\t\t\t\t<\/div>\n\t\t\t\t<\/div>\n\t\t\t\t\t<\/div>\n\t\t\t\t<\/div>\n\t\t\t\t\t<\/div>\n\t\t\t\t<\/div>\n\t\t\t\t<\/div>\n\t\t","protected":false},"excerpt":{"rendered":"<p>En EV Esencia, no solo tratamos la piel:\u00a0cuidamos\u00a0de\u00a0ti. En EV Esencia somos un equipo de profesionales especializadas en depilaci\u00f3n l\u00e1ser y est\u00e9tica avanzada, con una s\u00f3lida formaci\u00f3n en aparatolog\u00eda est\u00e9tica y depilaci\u00f3n l\u00e1ser. Nuestro compromiso es ofrecer tratamientos de alta eficacia basados en la tecnolog\u00eda m\u00e1s innovadora y en protocolos personalizados que garantizan resultados \u00f3ptimos, duraderos y seguros. Nuestra filosof\u00eda se centra en la excelencia profesional, la precisi\u00f3n t\u00e9cnica y el trato individualizado. Cada piel y cada necesidad son \u00fanicas, por lo que dise\u00f1amos planes de tratamiento personalizados que combinan experiencia y est\u00e9tica, buscando siempre el equilibrio entre belleza, salud y bienestar. En EV Esencia, la seguridad y la profesionalidad son nuestra prioridad. Trabajamos \u00fanicamente con equipos y cosm\u00e9tica avanzada que cumplen los m\u00e1s altos est\u00e1ndares de calidad, asegurando resultados visibles y duraderos. Nuestra misi\u00f3n es acompa\u00f1arte en el proceso de cuidar tu piel, realzar tu belleza natural y ayudarte a sentirte bien contigo misma, con la confianza de estar en manos expertas. Nuestro equipo Inma Encargada del centro Leyla T\u00e9cnico est\u00e9tico y laser Mireya T\u00e9cnico est\u00e9tico y laser Sabrina Responsable de turno Noem\u00ed T\u00e9cnico est\u00e9tico y laser<\/p>\n","protected":false},"author":1,"featured_media":0,"parent":0,"menu_order":0,"comment_status":"closed","ping_status":"closed","template":"elementor_canvas","meta":{"footnotes":""},"class_list":["post-10","page","type-page","status-publish","hentry"],"_links":{"self":[{"href":"https:\/\/evesenciaalgeciras.com\/index.php\/wp-json\/wp\/v2\/pages\/10","targetHints":{"allow":["GET"]}}],"collection":[{"href":"https:\/\/evesenciaalgeciras.com\/index.php\/wp-json\/wp\/v2\/pages"}],"about":[{"href":"https:\/\/evesenciaalgeciras.com\/index.php\/wp-json\/wp\/v2\/types\/page"}],"author":[{"embeddable":true,"href":"https:\/\/evesenciaalgeciras.com\/index.php\/wp-json\/wp\/v2\/users\/1"}],"replies":[{"embeddable":true,"href":"https:\/\/evesenciaalgeciras.com\/index.php\/wp-json\/wp\/v2\/comments?post=10"}],"version-history":[{"count":28,"href":"https:\/\/evesenciaalgeciras.com\/index.php\/wp-json\/wp\/v2\/pages\/10\/revisions"}],"predecessor-version":[{"id":1298,"href":"https:\/\/evesenciaalgeciras.com\/index.php\/wp-json\/wp\/v2\/pages\/10\/revisions\/1298"}],"wp:attachment":[{"href":"https:\/\/evesenciaalgeciras.com\/index.php\/wp-json\/wp\/v2\/media?parent=10"}],"curies":[{"name":"wp","href":"https:\/\/api.w.org\/{rel}","templated":true}]}}